{"id":2179,"date":"2026-04-22T23:59:43","date_gmt":"2026-04-22T21:59:43","guid":{"rendered":"https:\/\/www.geoleg.cat\/?post_type=tribe_events&#038;p=2179"},"modified":"2026-04-22T23:59:43","modified_gmt":"2026-04-22T21:59:43","slug":"sortida-geologica-a-montclus-ager-25-04-2026-10-00h-3","status":"publish","type":"tribe_events","link":"https:\/\/www.geoleg.cat\/index.php\/esdeveniment\/sortida-geologica-a-montclus-ager-25-04-2026-10-00h-3\/","title":{"rendered":"Sortida geol\u00f2gica a Montcl\u00fas (\u00c0ger) &#8211; 25\/04\/2026 10.00h"},"content":{"rendered":"<div class=\"su-button-center\"><a href=\"https:\/\/geolegcat.loriun.com\/p\/sortida-geologica-a-montclus-ager-25042026-1000h\" class=\"su-button su-button-style-default\" style=\"color:#FFFFFF;background-color:#ef982d;border-color:#c07a24;border-radius:9px\" target=\"_blank\" rel=\"noopener noreferrer\"><span style=\"color:#FFFFFF;padding:0px 24px;font-size:18px;line-height:36px;border-color:#f4b76c;border-radius:9px;text-shadow:none\"> INSCRIU-TE AQU\u00cd<\/span><\/a><\/div>\n<p>&nbsp;<\/p>\n<p>Endinsa\u2019t en un dels indrets m\u00e9s sorprenents del Prepirineu, on el paisatge mesozoic, la tect\u00f2nica i els processos geol\u00f2gics es mostren amb una for\u00e7a dif\u00edcil de trobar en altres llocs. Un escenari singular que amaga m\u00e9s del que sembla a primera vista, un indret on un dia, el temps es va aturar per sempre.<\/p>\n<p>Aquesta sortida neix d\u2019un t\u00e0ndem excepcional entre en Jordi i l\u2019Elena d\u2019Eureka SGN i en Jordi i l&#8217;\u00cdngrit de Ge\u00f2leg.CAT, combinant mirades i especialitats per interpretar el territori des de diferents perspectives: des de la lectura del paisatge fins a la comprensi\u00f3 dels processos que l\u2019han modelat i el poden seguir transformant. On la tect\u00f2nica, sedimentologia, paleontologia i hist\u00f2ria es donen la m\u00e0.<\/p>\n<p>Una experi\u00e8ncia per observar, preguntar-se i entendre\u2026 sense que tot estigui escrit abans de comen\u00e7ar.<\/p>\n<p>Ens trobarem a les 10.00h amb els cotxes al Restaurant Cal Jordi de Les Avellanes: <a href=\"https:\/\/maps.app.goo.gl\/sb8N1XJGYqYQvwMH7\">https:\/\/maps.app.goo.gl\/sb8N1XJGYqYQvwMH7<\/a><\/p>\n<p>La sortida \u00e9s apta per a tothom, amb algun tram curt de pujada i baixada. La major part de la ruta es far\u00e0 amb cotxes. Recomanem portar pals si fa falta. Es preveu acabar a les 13.30h.<\/p>\n<p>Us portarem esmorzar per carregar-nos b\u00e9 d&#8217;energia!<\/p>\n<p>Fer aquesta sortida ens fa especial il\u00b7lusi\u00f3, sobretot per poder compartir coneixements i explicacions amb Eureka i per l&#8217;espectacularitat del paisatge. T&#8217;hi esperem! Places limitades!<\/p>\n<p><img decoding=\"async\" data-src=\"https:\/\/www.enciclopedia.cat\/divulcat\/sites\/default\/files\/74953\/dsc_0137.jpg\" alt=\"dsc_0137.jpg\" src=\"data:image\/svg+xml;base64,PHN2ZyB3aWR0aD0iMSIgaGVpZ2h0PSIxIiB4bWxucz0iaHR0cDovL3d3dy53My5vcmcvMjAwMC9zdmciPjwvc3ZnPg==\" class=\"lazyload\" \/><\/p>\n<div class=\"su-button-center\"><a href=\"https:\/\/geolegcat.loriun.com\/p\/sortida-geologica-a-montclus-ager-25042026-1000h\" class=\"su-button su-button-style-default\" style=\"color:#FFFFFF;background-color:#ef982d;border-color:#c07a24;border-radius:9px\" target=\"_blank\" rel=\"noopener noreferrer\"><span style=\"color:#FFFFFF;padding:0px 24px;font-size:18px;line-height:36px;border-color:#f4b76c;border-radius:9px;text-shadow:none\"> INSCRIU-TE AQU\u00cd<\/span><\/a><\/div>\n","protected":false},"excerpt":{"rendered":"<p>&nbsp; Endinsa\u2019t en un dels indrets m\u00e9s sorprenents del Prepirineu, on el paisatge mesozoic, la tect\u00f2nica i els processos geol\u00f2gics es mostren amb una for\u00e7a dif\u00edcil de trobar en altres [&hellip;]<\/p>\n","protected":false},"author":3,"featured_media":0,"comment_status":"open","ping_status":"closed","template":"","meta":{"_monsterinsights_skip_tracking":false,"_monsterinsights_sitenote_active":false,"_monsterinsights_sitenote_note":"","_monsterinsights_sitenote_category":0,"_tribe_events_status":"","_tribe_events_status_reason":"","footnotes":""},"tags":[],"tribe_events_cat":[],"wf_tribe_events_folders":[],"class_list":["post-2179","tribe_events","type-tribe_events","status-publish","hentry"],"yoast_head":"<!-- This site is optimized with the Yoast SEO plugin v27.2 - https:\/\/yoast.com\/product\/yoast-seo-wordpress\/ -->\n<title>Sortida geol\u00f2gica a Montcl\u00fas (\u00c0ger) - 25\/04\/2026 10.00h - Formaci\u00f3 i Divulgaci\u00f3 en Geologia #Geoturisme<\/title>\n<meta name=\"robots\" content=\"index, follow, max-snippet:-1, max-image-preview:large, max-video-preview:-1\" \/>\n<link rel=\"canonical\" href=\"https:\/\/www.geoleg.cat\/index.php\/esdeveniment\/sortida-geologica-a-montclus-ager-25-04-2026-10-00h-3\/\" \/>\n<meta property=\"og:locale\" content=\"ca_ES\" \/>\n<meta property=\"og:type\" content=\"article\" \/>\n<meta property=\"og:title\" content=\"Sortida geol\u00f2gica a Montcl\u00fas (\u00c0ger) - 25\/04\/2026 10.00h - Formaci\u00f3 i Divulgaci\u00f3 en Geologia #Geoturisme\" \/>\n<meta property=\"og:description\" content=\"&nbsp; Endinsa\u2019t en un dels indrets m\u00e9s sorprenents del Prepirineu, on el paisatge mesozoic, la tect\u00f2nica i els processos geol\u00f2gics es mostren amb una for\u00e7a dif\u00edcil de trobar en altres [&hellip;]\" \/>\n<meta property=\"og:url\" content=\"https:\/\/www.geoleg.cat\/index.php\/esdeveniment\/sortida-geologica-a-montclus-ager-25-04-2026-10-00h-3\/\" \/>\n<meta property=\"og:site_name\" content=\"Formaci\u00f3 i Divulgaci\u00f3 en Geologia #Geoturisme\" \/>\n<meta property=\"og:image\" content=\"https:\/\/www.enciclopedia.cat\/divulcat\/sites\/default\/files\/74953\/dsc_0137.jpg\" \/>\n<meta name=\"twitter:card\" content=\"summary_large_image\" \/>\n<meta name=\"twitter:site\" content=\"@geolegCAT\" \/>\n<script type=\"application\/ld+json\" class=\"yoast-schema-graph\">{\"@context\":\"https:\/\/schema.org\",\"@graph\":[{\"@type\":\"WebPage\",\"@id\":\"https:\/\/www.geoleg.cat\/index.php\/esdeveniment\/sortida-geologica-a-montclus-ager-25-04-2026-10-00h-3\/\",\"url\":\"https:\/\/www.geoleg.cat\/index.php\/esdeveniment\/sortida-geologica-a-montclus-ager-25-04-2026-10-00h-3\/\",\"name\":\"Sortida geol\u00f2gica a Montcl\u00fas (\u00c0ger) - 25\/04\/2026 10.00h - Formaci\u00f3 i Divulgaci\u00f3 en Geologia #Geoturisme\",\"isPartOf\":{\"@id\":\"https:\/\/www.geoleg.cat\/#website\"},\"primaryImageOfPage\":{\"@id\":\"https:\/\/www.geoleg.cat\/index.php\/esdeveniment\/sortida-geologica-a-montclus-ager-25-04-2026-10-00h-3\/#primaryimage\"},\"image\":{\"@id\":\"https:\/\/www.geoleg.cat\/index.php\/esdeveniment\/sortida-geologica-a-montclus-ager-25-04-2026-10-00h-3\/#primaryimage\"},\"thumbnailUrl\":\"https:\/\/www.enciclopedia.cat\/divulcat\/sites\/default\/files\/74953\/dsc_0137.jpg\",\"datePublished\":\"2026-04-22T21:59:43+00:00\",\"breadcrumb\":{\"@id\":\"https:\/\/www.geoleg.cat\/index.php\/esdeveniment\/sortida-geologica-a-montclus-ager-25-04-2026-10-00h-3\/#breadcrumb\"},\"inLanguage\":\"ca\",\"potentialAction\":[{\"@type\":\"ReadAction\",\"target\":[\"https:\/\/www.geoleg.cat\/index.php\/esdeveniment\/sortida-geologica-a-montclus-ager-25-04-2026-10-00h-3\/\"]}]},{\"@type\":\"ImageObject\",\"inLanguage\":\"ca\",\"@id\":\"https:\/\/www.geoleg.cat\/index.php\/esdeveniment\/sortida-geologica-a-montclus-ager-25-04-2026-10-00h-3\/#primaryimage\",\"url\":\"https:\/\/www.enciclopedia.cat\/divulcat\/sites\/default\/files\/74953\/dsc_0137.jpg\",\"contentUrl\":\"https:\/\/www.enciclopedia.cat\/divulcat\/sites\/default\/files\/74953\/dsc_0137.jpg\"},{\"@type\":\"BreadcrumbList\",\"@id\":\"https:\/\/www.geoleg.cat\/index.php\/esdeveniment\/sortida-geologica-a-montclus-ager-25-04-2026-10-00h-3\/#breadcrumb\",\"itemListElement\":[{\"@type\":\"ListItem\",\"position\":1,\"name\":\"Inici\",\"item\":\"https:\/\/www.geoleg.cat\/\"},{\"@type\":\"ListItem\",\"position\":2,\"name\":\"Esdeveniments\",\"item\":\"https:\/\/www.geoleg.cat\/index.php\/propers-esdeveniments\/\"},{\"@type\":\"ListItem\",\"position\":3,\"name\":\"Sortida geol\u00f2gica a Montcl\u00fas (\u00c0ger) &#8211; 25\/04\/2026 10.00h\"}]},{\"@type\":\"WebSite\",\"@id\":\"https:\/\/www.geoleg.cat\/#website\",\"url\":\"https:\/\/www.geoleg.cat\/\",\"name\":\"Formaci\u00f3 i Divulgaci\u00f3 en Geologia #Geoturisme\",\"description\":\"Formaci\u00f3 i Divulgaci\u00f3 en Geologia #Geoturisme\",\"publisher\":{\"@id\":\"https:\/\/www.geoleg.cat\/#organization\"},\"potentialAction\":[{\"@type\":\"SearchAction\",\"target\":{\"@type\":\"EntryPoint\",\"urlTemplate\":\"https:\/\/www.geoleg.cat\/?s={search_term_string}\"},\"query-input\":{\"@type\":\"PropertyValueSpecification\",\"valueRequired\":true,\"valueName\":\"search_term_string\"}}],\"inLanguage\":\"ca\"},{\"@type\":\"Organization\",\"@id\":\"https:\/\/www.geoleg.cat\/#organization\",\"name\":\"Ge\u00f2leg.cat\",\"url\":\"https:\/\/www.geoleg.cat\/\",\"logo\":{\"@type\":\"ImageObject\",\"inLanguage\":\"ca\",\"@id\":\"https:\/\/www.geoleg.cat\/#\/schema\/logo\/image\/\",\"url\":\"https:\/\/i0.wp.com\/www.geoleg.cat\/wp-content\/uploads\/2019\/09\/Logo-petit.png?fit=600%2C128&ssl=1\",\"contentUrl\":\"https:\/\/i0.wp.com\/www.geoleg.cat\/wp-content\/uploads\/2019\/09\/Logo-petit.png?fit=600%2C128&ssl=1\",\"width\":600,\"height\":128,\"caption\":\"Ge\u00f2leg.cat\"},\"image\":{\"@id\":\"https:\/\/www.geoleg.cat\/#\/schema\/logo\/image\/\"},\"sameAs\":[\"https:\/\/x.com\/geolegCAT\",\"https:\/\/www.instagram.com\/geoleg.cat\/\"]}]}<\/script>\n<!-- \/ Yoast SEO plugin. -->","yoast_head_json":{"title":"Sortida geol\u00f2gica a Montcl\u00fas (\u00c0ger) - 25\/04\/2026 10.00h - Formaci\u00f3 i Divulgaci\u00f3 en Geologia #Geoturisme","robots":{"index":"index","follow":"follow","max-snippet":"max-snippet:-1","max-image-preview":"max-image-preview:large","max-video-preview":"max-video-preview:-1"},"canonical":"https:\/\/www.geoleg.cat\/index.php\/esdeveniment\/sortida-geologica-a-montclus-ager-25-04-2026-10-00h-3\/","og_locale":"ca_ES","og_type":"article","og_title":"Sortida geol\u00f2gica a Montcl\u00fas (\u00c0ger) - 25\/04\/2026 10.00h - Formaci\u00f3 i Divulgaci\u00f3 en Geologia #Geoturisme","og_description":"&nbsp; Endinsa\u2019t en un dels indrets m\u00e9s sorprenents del Prepirineu, on el paisatge mesozoic, la tect\u00f2nica i els processos geol\u00f2gics es mostren amb una for\u00e7a dif\u00edcil de trobar en altres [&hellip;]","og_url":"https:\/\/www.geoleg.cat\/index.php\/esdeveniment\/sortida-geologica-a-montclus-ager-25-04-2026-10-00h-3\/","og_site_name":"Formaci\u00f3 i Divulgaci\u00f3 en Geologia #Geoturisme","og_image":[{"url":"https:\/\/www.enciclopedia.cat\/divulcat\/sites\/default\/files\/74953\/dsc_0137.jpg","type":"","width":"","height":""}],"twitter_card":"summary_large_image","twitter_site":"@geolegCAT","schema":{"@context":"https:\/\/schema.org","@graph":[{"@type":"WebPage","@id":"https:\/\/www.geoleg.cat\/index.php\/esdeveniment\/sortida-geologica-a-montclus-ager-25-04-2026-10-00h-3\/","url":"https:\/\/www.geoleg.cat\/index.php\/esdeveniment\/sortida-geologica-a-montclus-ager-25-04-2026-10-00h-3\/","name":"Sortida geol\u00f2gica a Montcl\u00fas (\u00c0ger) - 25\/04\/2026 10.00h - Formaci\u00f3 i Divulgaci\u00f3 en Geologia #Geoturisme","isPartOf":{"@id":"https:\/\/www.geoleg.cat\/#website"},"primaryImageOfPage":{"@id":"https:\/\/www.geoleg.cat\/index.php\/esdeveniment\/sortida-geologica-a-montclus-ager-25-04-2026-10-00h-3\/#primaryimage"},"image":{"@id":"https:\/\/www.geoleg.cat\/index.php\/esdeveniment\/sortida-geologica-a-montclus-ager-25-04-2026-10-00h-3\/#primaryimage"},"thumbnailUrl":"https:\/\/www.enciclopedia.cat\/divulcat\/sites\/default\/files\/74953\/dsc_0137.jpg","datePublished":"2026-04-22T21:59:43+00:00","breadcrumb":{"@id":"https:\/\/www.geoleg.cat\/index.php\/esdeveniment\/sortida-geologica-a-montclus-ager-25-04-2026-10-00h-3\/#breadcrumb"},"inLanguage":"ca","potentialAction":[{"@type":"ReadAction","target":["https:\/\/www.geoleg.cat\/index.php\/esdeveniment\/sortida-geologica-a-montclus-ager-25-04-2026-10-00h-3\/"]}]},{"@type":"ImageObject","inLanguage":"ca","@id":"https:\/\/www.geoleg.cat\/index.php\/esdeveniment\/sortida-geologica-a-montclus-ager-25-04-2026-10-00h-3\/#primaryimage","url":"https:\/\/www.enciclopedia.cat\/divulcat\/sites\/default\/files\/74953\/dsc_0137.jpg","contentUrl":"https:\/\/www.enciclopedia.cat\/divulcat\/sites\/default\/files\/74953\/dsc_0137.jpg"},{"@type":"BreadcrumbList","@id":"https:\/\/www.geoleg.cat\/index.php\/esdeveniment\/sortida-geologica-a-montclus-ager-25-04-2026-10-00h-3\/#breadcrumb","itemListElement":[{"@type":"ListItem","position":1,"name":"Inici","item":"https:\/\/www.geoleg.cat\/"},{"@type":"ListItem","position":2,"name":"Esdeveniments","item":"https:\/\/www.geoleg.cat\/index.php\/propers-esdeveniments\/"},{"@type":"ListItem","position":3,"name":"Sortida geol\u00f2gica a Montcl\u00fas (\u00c0ger) &#8211; 25\/04\/2026 10.00h"}]},{"@type":"WebSite","@id":"https:\/\/www.geoleg.cat\/#website","url":"https:\/\/www.geoleg.cat\/","name":"Formaci\u00f3 i Divulgaci\u00f3 en Geologia #Geoturisme","description":"Formaci\u00f3 i Divulgaci\u00f3 en Geologia #Geoturisme","publisher":{"@id":"https:\/\/www.geoleg.cat\/#organization"},"potentialAction":[{"@type":"SearchAction","target":{"@type":"EntryPoint","urlTemplate":"https:\/\/www.geoleg.cat\/?s={search_term_string}"},"query-input":{"@type":"PropertyValueSpecification","valueRequired":true,"valueName":"search_term_string"}}],"inLanguage":"ca"},{"@type":"Organization","@id":"https:\/\/www.geoleg.cat\/#organization","name":"Ge\u00f2leg.cat","url":"https:\/\/www.geoleg.cat\/","logo":{"@type":"ImageObject","inLanguage":"ca","@id":"https:\/\/www.geoleg.cat\/#\/schema\/logo\/image\/","url":"https:\/\/i0.wp.com\/www.geoleg.cat\/wp-content\/uploads\/2019\/09\/Logo-petit.png?fit=600%2C128&ssl=1","contentUrl":"https:\/\/i0.wp.com\/www.geoleg.cat\/wp-content\/uploads\/2019\/09\/Logo-petit.png?fit=600%2C128&ssl=1","width":600,"height":128,"caption":"Ge\u00f2leg.cat"},"image":{"@id":"https:\/\/www.geoleg.cat\/#\/schema\/logo\/image\/"},"sameAs":["https:\/\/x.com\/geolegCAT","https:\/\/www.instagram.com\/geoleg.cat\/"]}]}},"post_mailing_queue_ids":[],"_links":{"self":[{"href":"https:\/\/www.geoleg.cat\/index.php\/wp-json\/wp\/v2\/tribe_events\/2179","targetHints":{"allow":["GET"]}}],"collection":[{"href":"https:\/\/www.geoleg.cat\/index.php\/wp-json\/wp\/v2\/tribe_events"}],"about":[{"href":"https:\/\/www.geoleg.cat\/index.php\/wp-json\/wp\/v2\/types\/tribe_events"}],"author":[{"embeddable":true,"href":"https:\/\/www.geoleg.cat\/index.php\/wp-json\/wp\/v2\/users\/3"}],"replies":[{"embeddable":true,"href":"https:\/\/www.geoleg.cat\/index.php\/wp-json\/wp\/v2\/comments?post=2179"}],"version-history":[{"count":1,"href":"https:\/\/www.geoleg.cat\/index.php\/wp-json\/wp\/v2\/tribe_events\/2179\/revisions"}],"predecessor-version":[{"id":2180,"href":"https:\/\/www.geoleg.cat\/index.php\/wp-json\/wp\/v2\/tribe_events\/2179\/revisions\/2180"}],"wp:attachment":[{"href":"https:\/\/www.geoleg.cat\/index.php\/wp-json\/wp\/v2\/media?parent=2179"}],"wp:term":[{"taxonomy":"post_tag","embeddable":true,"href":"https:\/\/www.geoleg.cat\/index.php\/wp-json\/wp\/v2\/tags?post=2179"},{"taxonomy":"tribe_events_cat","embeddable":true,"href":"https:\/\/www.geoleg.cat\/index.php\/wp-json\/wp\/v2\/tribe_events_cat?post=2179"},{"taxonomy":"wf_tribe_events_folders","embeddable":true,"href":"https:\/\/www.geoleg.cat\/index.php\/wp-json\/wp\/v2\/wf_tribe_events_folders?post=2179"}],"curies":[{"name":"wp","href":"https:\/\/api.w.org\/{rel}","templated":true}]}}